{"id":472,"date":"2024-06-10T23:45:06","date_gmt":"2024-06-10T21:45:06","guid":{"rendered":"https:\/\/www.poligonoalgusa.es\/es\/?page_id=472"},"modified":"2025-12-10T20:42:22","modified_gmt":"2025-12-10T18:42:22","slug":"politica-de-privacidad","status":"publish","type":"page","link":"https:\/\/www.poligonoalgusa.es\/es\/politica-de-privacidad\/","title":{"rendered":"<strong>POL\u00cdTICA DE PRIVACIDAD<\/strong>"},"content":{"rendered":"<p>\u201cSUS DATOS SEGUROS\u201d<br \/>Informaci\u00f3n en cumplimiento de la normativa de protecci\u00f3n de datos personales<\/p>\n<p>En Europa y en Espa\u00f1a existen normas de protecci\u00f3n de datos pensadas para proteger su informaci\u00f3n personal de obligado cumplimiento para nuestra entidad.<\/p>\n<p>Por ello, es muy importante para nosotros que entienda perfectamente qu\u00e9 vamos a hacer con los datos personales que le pedimos.<\/p>\n<p>As\u00ed, seremos transparentes y le daremos el control de sus datos, con un lenguaje sencillo y opciones claras que le permitir\u00e1n decidir qu\u00e9 haremos con su informaci\u00f3n personal.<\/p>\n<p>Por favor, si una vez le\u00edda la presente informaci\u00f3n le queda alguna duda, no dude en preguntarnos.<\/p>\n<p>Muchas gracias por su colaboraci\u00f3n.<\/p>\n<hr class=\"wp-block-separator has-alpha-channel-opacity\"\/>\n<h2>\u00bfQui\u00e9nes somos?<\/h2>\n<p>Nuestra denominaci\u00f3n: ALGUSA ALGODONERA UTRERANA S.A<br \/>Nuestro CIF \/ NIF: A41199852<br \/>Nuestra actividad principal: alquiler de bienes inmueble<br \/>Nuestra direcci\u00f3n: Ctra. Utrera \u2013 Los Palacios, km 5. Sevilla., 41720 &#8211; Los Palacios Y Villafranca (Sevilla)<br \/>Nuestro tel\u00e9fono de contacto: 656941764<br \/>Nuestra direcci\u00f3n de correo electr\u00f3nico de contacto: <a>fjjimenezd@poligonoalgusa.es<\/a><br \/>Nuestra p\u00e1gina web: <a href=\"https:\/\/www.poligonoalgusa.es\/es\/\">https:\/\/www.poligonoalgusa.es\/es\/<\/a><\/p>\n<p>Para su confianza y seguridad, le informamos que somos una entidad inscrita en el siguiente Registro Mercantil \/ Registro P\u00fablico:<\/p>\n<p>Nuestra actividad principal est\u00e1 sujeta a un r\u00e9gimen de autorizaci\u00f3n administrativa previa. Para su confianza y seguridad, le facilitamos los datos relativos a dicha autorizaci\u00f3n y los identificativos del \u00f3rgano competente de nuestra supervisi\u00f3n:<\/p>\n<p>Autorizaci\u00f3n administrativa:<br \/>\u00d3rgano encargado de nuestra supervisi\u00f3n:<br \/>(EN CASO DE QUE LA ACTIVIDAD EST\u00c9 SUJETA A UN R\u00c9GIMEN DE AUTORIZACI\u00d3N ADMINISTRATIVA)<\/p>\n<p>El responsable de esta p\u00e1gina web ejerce una profesi\u00f3n regulada, para lo cual le facilitamos la siguiente informaci\u00f3n:<\/p>\n<p>Colegio profesional al que pertenece:<br \/>T\u00edtulo acad\u00e9mico oficial o profesional:<br \/>Estado de la Uni\u00f3n Europea en que se expidi\u00f3 dicho t\u00edtulo:<br \/>Normas profesionales aplicables al ejercicio de la profesi\u00f3n:<br \/>(EN CASO DE QUE EL RESPONSABLE DE LA P\u00c1GINA WEB EJERZA UNA PROFESI\u00d3N REGULADA)<\/p>\n<p>Estamos a su disposici\u00f3n, no dude en contactar con nosotros.<\/p>\n<hr class=\"wp-block-separator has-alpha-channel-opacity\"\/>\n<h2>\u00bfPara qu\u00e9 vamos a usar sus datos?<\/h2>\n<p>Con car\u00e1cter general, sus datos personales ser\u00e1n usados para poder relacionarnos con usted y poder prestarle nuestros servicios.<\/p>\n<p>Asimismo, tambi\u00e9n pueden ser usados para otras actividades, como enviarle publicidad o promocionar nuestras actividades.<\/p>\n<hr class=\"wp-block-separator has-alpha-channel-opacity\"\/>\n<h2>\u00bfPor qu\u00e9 necesitamos usar sus datos?<\/h2>\n<p>Sus datos personales son necesarios para poder relacionarnos con usted y poder prestarle nuestros servicios. En este sentido, pondremos a su disposici\u00f3n una serie de casillas que le permitir\u00e1n decidir de manera clara y sencilla sobre el uso de su informaci\u00f3n personal.<\/p>\n<hr class=\"wp-block-separator has-alpha-channel-opacity\"\/>\n<h2>\u00bfQui\u00e9n va a conocer la informaci\u00f3n que le pedimos?<\/h2>\n<p>Con car\u00e1cter general, s\u00f3lo el personal de nuestra entidad que est\u00e9 debidamente autorizado podr\u00e1 tener conocimiento de la informaci\u00f3n que le pedimos.<\/p>\n<p>De igual modo, podr\u00e1n tener conocimiento de su informaci\u00f3n personal aquellas entidades que necesiten tener acceso a la misma para que podamos prestarle nuestros servicios. As\u00ed por ejemplo, nuestro banco conocer\u00e1 sus datos si el pago de nuestros servicios se realiza mediante tarjeta o transferencia bancaria.<\/p>\n<p>Asimismo, tendr\u00e1n conocimiento de su informaci\u00f3n aquellas entidades p\u00fablicas o privadas a las cuales estemos obligados a facilitar sus datos personales con motivo del cumplimiento de alguna ley.<\/p>\n<p>En el caso de que, al margen de los supuestos comentados, necesitemos dar a conocer su informaci\u00f3n personal a otras entidades, le solicitaremos previamente su permiso.<\/p>\n<hr class=\"wp-block-separator has-alpha-channel-opacity\"\/>\n<h2>\u00bfC\u00f3mo vamos a proteger sus datos?<\/h2>\n<p>Protegeremos sus datos con medidas de seguridad eficaces en funci\u00f3n de los riesgos que conlleve el uso de su informaci\u00f3n.<\/p>\n<p>Para ello, nuestra entidad ha aprobado una Pol\u00edtica de Protecci\u00f3n de Datos y se realizan controles y auditor\u00edas anuales para verificar que sus datos personales est\u00e1n seguros en todo momento.<\/p>\n<hr class=\"wp-block-separator has-alpha-channel-opacity\"\/>\n<h2>\u00bfEnviaremos sus datos a otros pa\u00edses?<\/h2>\n<p>Nuestra pol\u00edtica es no enviar su informaci\u00f3n personal a ning\u00fan pa\u00eds que no sea seguro desde el punto de vista de la protecci\u00f3n de sus datos.<\/p>\n<p>Si fuese imprescindible enviar sus datos a un pa\u00eds que no sea tan seguro como Espa\u00f1a, siempre le solicitar\u00edamos previamente su permiso.<\/p>\n<hr class=\"wp-block-separator has-alpha-channel-opacity\"\/>\n<h2>\u00bfDurante cu\u00e1nto tiempo vamos a conservar sus datos?<\/h2>\n<p>Conservaremos sus datos durante nuestra relaci\u00f3n y mientras nos obliguen las leyes. Una vez finalizados los plazos legales aplicables, procederemos a eliminarlos.<\/p>\n<hr class=\"wp-block-separator has-alpha-channel-opacity\"\/>\n<h2>\u00bfCu\u00e1les son sus derechos de protecci\u00f3n de datos?<\/h2>\n<p>Puede dirigirse a nosotros para saber qu\u00e9 informaci\u00f3n tenemos sobre usted, rectificarla y eliminarla una vez finalizada nuestra relaci\u00f3n, si ello fuese legalmente posible.<\/p>\n<p>Tambi\u00e9n puede solicitar la portabilidad de su informaci\u00f3n a otra entidad.<\/p>\n<p>Para solicitar alguno de estos derechos deber\u00e1 realizar una solicitud escrita a nuestra direcci\u00f3n.<\/p>\n<p>Disponemos de formularios espec\u00edficos para solicitar dichos derechos.<\/p>\n<p>Puede consultar la p\u00e1gina web de la Agencia Espa\u00f1ola de Protecci\u00f3n de Datos (<a href=\"http:\/\/www.aepd.es\">www.aepd.es<\/a>).<\/p>\n<hr class=\"wp-block-separator has-alpha-channel-opacity\"\/>\n<h2>\u00bfPuede retirar su consentimiento?<\/h2>\n<p>S\u00ed, puede retirar su consentimiento en cualquier momento.<\/p>\n<hr class=\"wp-block-separator has-alpha-channel-opacity\"\/>\n<h2>\u00bfD\u00f3nde puede reclamar?<\/h2>\n<p>Puede reclamar ante la Agencia Espa\u00f1ola de Protecci\u00f3n de Datos:<\/p>\n<p><a href=\"http:\/\/www.aepd.es\">www.aepd.es<\/a><br \/>C\/ Jorge Juan, 6, 28001-Madrid<br \/>Tel: 901 100 099 \/ 91 266 35 17<\/p>\n<p>No tiene coste ni requiere abogado.<\/p>\n<hr class=\"wp-block-separator has-alpha-channel-opacity\"\/>\n<h2>\u00bfElaboraremos perfiles?<\/h2>\n<p>Nuestra pol\u00edtica es no elaborar perfiles.<\/p>\n<p>Si fuese necesario, se le informar\u00e1 y se aplicar\u00e1n medidas de seguridad eficaces.<\/p>\n<hr class=\"wp-block-separator has-alpha-channel-opacity\"\/>\n<h2>\u00bfUsaremos sus datos para otros fines?<\/h2>\n<p>Nuestra pol\u00edtica es no usar sus datos para otras finalidades distintas. Si fuese necesario, se le solicitar\u00e1 previamente su permiso.<\/p>\n","protected":false},"excerpt":{"rendered":"<p>\u201cSUS DATOS SEGUROS\u201dInformaci\u00f3n en cumplimiento de la normativa de protecci\u00f3n de datos personales En Europa y en Espa\u00f1a existen normas de protecci\u00f3n de datos pensadas para proteger su informaci\u00f3n personal de obligado cumplimiento para nuestra entidad. Por ello, es muy importante para nosotros que entienda perfectamente qu\u00e9 vamos a hacer con los datos personales que [&hellip;]<\/p>\n","protected":false},"author":2,"featured_media":0,"parent":0,"menu_order":0,"comment_status":"closed","ping_status":"closed","template":"","meta":[],"_links":{"self":[{"href":"https:\/\/www.poligonoalgusa.es\/es\/wp-json\/wp\/v2\/pages\/472"}],"collection":[{"href":"https:\/\/www.poligonoalgusa.es\/es\/wp-json\/wp\/v2\/pages"}],"about":[{"href":"https:\/\/www.poligonoalgusa.es\/es\/wp-json\/wp\/v2\/types\/page"}],"author":[{"embeddable":true,"href":"https:\/\/www.poligonoalgusa.es\/es\/wp-json\/wp\/v2\/users\/2"}],"replies":[{"embeddable":true,"href":"https:\/\/www.poligonoalgusa.es\/es\/wp-json\/wp\/v2\/comments?post=472"}],"version-history":[{"count":2,"href":"https:\/\/www.poligonoalgusa.es\/es\/wp-json\/wp\/v2\/pages\/472\/revisions"}],"predecessor-version":[{"id":477,"href":"https:\/\/www.poligonoalgusa.es\/es\/wp-json\/wp\/v2\/pages\/472\/revisions\/477"}],"wp:attachment":[{"href":"https:\/\/www.poligonoalgusa.es\/es\/wp-json\/wp\/v2\/media?parent=472"}],"curies":[{"name":"wp","href":"https:\/\/api.w.org\/{rel}","templated":true}]}}